{"id":9516,"date":"2023-09-28T09:29:24","date_gmt":"2023-09-28T07:29:24","guid":{"rendered":"https:\/\/billerbeck.info\/?page_id=9516"},"modified":"2023-09-28T09:29:25","modified_gmt":"2023-09-28T07:29:25","slug":"emballages","status":"publish","type":"page","link":"https:\/\/billerbeck.info\/fr-ch\/durabilite\/emballages\/","title":{"rendered":"Emballages"},"content":{"rendered":"\n<h2 class=\"wp-block-heading\">Emballage local et \u00e9cologique<\/h2>\n\n\n\n<p>billerbeck met un point d\u2019honneur \u00e0 travailler avec des imprimeurs locaux qui accordent une importance particuli\u00e8re \u00e0 l\u2019impression \u00e9co-responsable et aux emballages respectueux de l\u2019environnement. Ils fournissent \u00e0 billerbeck des bo\u00eetes en carton pour les couettes et les oreillers en duvet. Pour les produits de notre marque Swiss Dream, nous utilisons \u00e9galement de nouvelles bo\u00eetes compos\u00e9es \u00e0 80&nbsp;% de mat\u00e9riaux recycl\u00e9s.<\/p>\n\n\n\n<h2 class=\"wp-block-heading\">Pas d\u2019emballage plastique suppl\u00e9mentaire<\/h2>\n\n\n\n<p>Gr\u00e2ce \u00e0 l\u2019achat d\u2019un syst\u00e8me de filtre \u00e0 poussi\u00e8res fines, nous pouvons depuis longtemps nous passer d\u2019un emballage ext\u00e9rieur en plastique suppl\u00e9mentaire. Gr\u00e2ce \u00e0 l\u2019air purifi\u00e9 et filtr\u00e9, l\u2019emballage de nos produits contient moins de poussi\u00e8re. Par cons\u00e9quent, nous n\u2019avons pas besoin d\u2019un emballage ext\u00e9rieur suppl\u00e9mentaire.<\/p>\n\n\n\n<h2 class=\"wp-block-heading\">Utilisation multiple des emballages<\/h2>\n\n\n\n<p>En outre, nous veillons \u00e0 collecter les cartons usag\u00e9s mais recyclables et \u00e0 les r\u00e9utiliser.<\/p>\n\n\n\n<h2 class=\"wp-block-heading\">Pas d\u2019emballage plastique suppl\u00e9mentaire<\/h2>\n\n\n\n<p>Gr\u00e2ce \u00e0 l\u2019achat d\u2019un syst\u00e8me de filtre \u00e0 poussi\u00e8res fines, nous pouvons depuis quelque temps nous passer d\u2019un emballage ext\u00e9rieur en plastique suppl\u00e9mentaire, car l\u2019air filtr\u00e9 et propre permet de r\u00e9duire la contamination de l\u2019emballage de nos produits par la poussi\u00e8re.<\/p>\n","protected":false},"excerpt":{"rendered":"<p>Emballage local et \u00e9cologique billerbeck met un point d\u2019honneur \u00e0 travailler avec des imprimeurs locaux qui accordent une importance particuli\u00e8re \u00e0 [&hellip;]<\/p>\n","protected":false},"author":7,"featured_media":14750,"parent":9459,"menu_order":0,"comment_status":"closed","ping_status":"closed","template":"","meta":{"_acf_changed":false,"footnotes":""},"class_list":["post-9516","page","type-page","status-publish","has-post-thumbnail","hentry"],"acf":[],"_links":{"self":[{"href":"https:\/\/billerbeck.info\/fr-ch\/wp-json\/wp\/v2\/pages\/9516","targetHints":{"allow":["GET"]}}],"collection":[{"href":"https:\/\/billerbeck.info\/fr-ch\/wp-json\/wp\/v2\/pages"}],"about":[{"href":"https:\/\/billerbeck.info\/fr-ch\/wp-json\/wp\/v2\/types\/page"}],"author":[{"embeddable":true,"href":"https:\/\/billerbeck.info\/fr-ch\/wp-json\/wp\/v2\/users\/7"}],"replies":[{"embeddable":true,"href":"https:\/\/billerbeck.info\/fr-ch\/wp-json\/wp\/v2\/comments?post=9516"}],"version-history":[{"count":1,"href":"https:\/\/billerbeck.info\/fr-ch\/wp-json\/wp\/v2\/pages\/9516\/revisions"}],"predecessor-version":[{"id":9569,"href":"https:\/\/billerbeck.info\/fr-ch\/wp-json\/wp\/v2\/pages\/9516\/revisions\/9569"}],"up":[{"embeddable":true,"href":"https:\/\/billerbeck.info\/fr-ch\/wp-json\/wp\/v2\/pages\/9459"}],"wp:featuredmedia":[{"embeddable":true,"href":"https:\/\/billerbeck.info\/fr-ch\/wp-json\/wp\/v2\/media\/14750"}],"wp:attachment":[{"href":"https:\/\/billerbeck.info\/fr-ch\/wp-json\/wp\/v2\/media?parent=9516"}],"curies":[{"name":"wp","href":"https:\/\/api.w.org\/{rel}","templated":true}]}}