{"id":4022,"date":"2021-03-23T16:08:37","date_gmt":"2021-03-23T15:08:37","guid":{"rendered":"https:\/\/billerbeck.info\/durabilite\/corporate-social-responsibility\/"},"modified":"2026-03-23T16:15:12","modified_gmt":"2026-03-23T15:15:12","slug":"responsabilite-sociale-de-lentreprise","status":"publish","type":"page","link":"https:\/\/billerbeck.info\/fr\/durabilite\/responsabilite-sociale-de-lentreprise\/","title":{"rendered":"Responsabilit\u00e9 sociale de l\u2019entreprise"},"content":{"rendered":"\n<p class=\"has-text-align-center\"><strong><a href=\"https:\/\/billerbeck.info\/wp-content\/uploads\/2026\/03\/billerbeck-CSR-Nachhaltigkeitsbericht_deutsch-2026.pdf\" target=\"_blank\" rel=\"noreferrer noopener\"><mark style=\"background-color:rgba(0, 0, 0, 0)\" class=\"has-inline-color has-vivid-cyan-blue-color\">Rapport sur la responsabilit\u00e9 sociale des entreprises<\/mark><\/a> <\/strong>(t\u00e9l\u00e9chargement au format PDF)<\/p>\n\n\n\n<p><\/p>\n\n\n\n<p>Chers lecteurs,<\/p>\n\n\n\n<p>depuis plus de 100 ans, l\u2019orientation vers le succ\u00e8s \u00e0 long terme d\u00e9termine les actions de l\u2019entreprise familiale billerbeck.<\/p>\n\n\n\n<p>Conform\u00e9ment \u00e0 la mission de l\u2019entreprise, pour nous, r\u00e9ussir signifie non seulement augmenter durablement nos r\u00e9sultats \u00e9conomiques, mais aussi d\u00e9velopper en permanence les performances \u00e9cologiques et sociales de l\u2019entreprise.<\/p>\n\n\n\n<p>C\u2019est pourquoi, d\u2019une part, nous nous engageons \u00e0 utiliser les ressources qui nous sont donn\u00e9es avec soin et de mani\u00e8re responsable et, d\u2019autre part, \u00e0 planifier les flux de mat\u00e9riaux de mani\u00e8re intelligente.<\/p>\n\n\n\n<p>Notre engagement culturel nous tient particuli\u00e8rement \u00e0 c\u0153ur. Nous nous impliquons dans la soci\u00e9t\u00e9 depuis de nombreuses ann\u00e9es et souhaitons contribuer \u00e0 la fa\u00e7onner de mani\u00e8re positive.<\/p>\n\n\n\n<p>Dans ce rapport de durabilit\u00e9, nous souhaitons donc montrer en d\u00e9tail comment l\u2019interaction entre l\u2019engagement social et la gestion d\u2019entreprise responsable fonctionne et est pratiqu\u00e9e chez billerbeck.<\/p>\n\n\n\n<p>Notre objectif en tant qu\u2019entreprise est de continuer \u00e0 int\u00e9grer syst\u00e9matiquement la durabilit\u00e9 dans nos processus. Ce faisant, nous sommes conscients de nos responsabilit\u00e9s environnementales et sociales et les consid\u00e9rons comme un d\u00e9fi global.<\/p>\n\n\n\n<p><em>Friedrich Ermert<\/em><\/p>\n","protected":false},"excerpt":{"rendered":"<p>Rapport sur la responsabilit\u00e9 sociale des entreprises (t\u00e9l\u00e9chargement au format PDF) Chers lecteurs, depuis plus de 100 ans, l\u2019orientation vers le [&hellip;]<\/p>\n","protected":false},"author":1,"featured_media":13215,"parent":3986,"menu_order":0,"comment_status":"closed","ping_status":"closed","template":"","meta":{"_acf_changed":false,"footnotes":""},"class_list":["post-4022","page","type-page","status-publish","has-post-thumbnail","hentry"],"acf":[],"_links":{"self":[{"href":"https:\/\/billerbeck.info\/fr\/wp-json\/wp\/v2\/pages\/4022","targetHints":{"allow":["GET"]}}],"collection":[{"href":"https:\/\/billerbeck.info\/fr\/wp-json\/wp\/v2\/pages"}],"about":[{"href":"https:\/\/billerbeck.info\/fr\/wp-json\/wp\/v2\/types\/page"}],"author":[{"embeddable":true,"href":"https:\/\/billerbeck.info\/fr\/wp-json\/wp\/v2\/users\/1"}],"replies":[{"embeddable":true,"href":"https:\/\/billerbeck.info\/fr\/wp-json\/wp\/v2\/comments?post=4022"}],"version-history":[{"count":20,"href":"https:\/\/billerbeck.info\/fr\/wp-json\/wp\/v2\/pages\/4022\/revisions"}],"predecessor-version":[{"id":15862,"href":"https:\/\/billerbeck.info\/fr\/wp-json\/wp\/v2\/pages\/4022\/revisions\/15862"}],"up":[{"embeddable":true,"href":"https:\/\/billerbeck.info\/fr\/wp-json\/wp\/v2\/pages\/3986"}],"wp:featuredmedia":[{"embeddable":true,"href":"https:\/\/billerbeck.info\/fr\/wp-json\/wp\/v2\/media\/13215"}],"wp:attachment":[{"href":"https:\/\/billerbeck.info\/fr\/wp-json\/wp\/v2\/media?parent=4022"}],"curies":[{"name":"wp","href":"https:\/\/api.w.org\/{rel}","templated":true}]}}