{"id":4028,"date":"2021-03-09T18:31:31","date_gmt":"2021-03-09T17:31:31","guid":{"rendered":"https:\/\/billerbeck.info\/kunden\/geschaeftskunden\/"},"modified":"2021-08-17T12:48:57","modified_gmt":"2021-08-17T10:48:57","slug":"clients-professionnels","status":"publish","type":"page","link":"https:\/\/billerbeck.info\/fr\/clients\/clients-professionnels\/","title":{"rendered":"Clients professionnels"},"content":{"rendered":"\n<h2 class=\"has-text-align-center wp-block-heading\">billerbeck \u2013 votre partenaire en literie pour un succ\u00e8s \u00e0 long terme<\/h2>\n\n\n\n<p>Faites appel \u00e0 un interlocuteur et d\u00e9couvrez des offres sur mesure pour les clients professionnels parmi notre vaste gamme de literie.<\/p>\n\n\n\n<p><strong>Tout sous un m\u00eame toit<\/strong><\/p>\n\n\n\n<p>Nous veillons \u00e0 ce que seules des mati\u00e8res premi\u00e8res irr\u00e9prochables soient utilis\u00e9es dans nos installations de production. Parce qu\u2019un bon sommeil exige des mati\u00e8res premi\u00e8res de qualit\u00e9 constante et des processus de fabrication respectueux de l\u2019environnement.<\/p>\n\n\n\n<p><strong>Une literie de qualit\u00e9 pour un sommeil r\u00e9parateur<\/strong><\/p>\n\n\n\n<p>Pour nous, un bon sommeil et des produits de qualit\u00e9 vont de pair. C\u2019est pourquoi nous nous concentrons sur la literie de haute qualit\u00e9 et visons \u00e0 \u00eatre les meilleurs de la classe avec nos diff\u00e9rentes gammes. Cela signifie que seuls les produits dignes de billerbeck parviennent au client.<\/p>\n\n\n\n<p><strong>Am\u00e9liorer l\u2019exp\u00e9rience client gr\u00e2ce \u00e0 un service qui porte ses fruits<\/strong><\/p>\n\n\n\n<ul class=\"wp-block-list\"><li>Formation<strong>&nbsp;aux produits&nbsp;:<\/strong>&nbsp;nous soutenons nos clients professionnels en leur dispensant des conseils avis\u00e9s et une formation professionnelle des produits pour le personnel de vente.<\/li><\/ul>\n\n\n\n<p><\/p>\n\n\n\n<ul class=\"wp-block-list\"><li><strong>Pr\u00e9sentation de magasin\u00a0:<\/strong>\u00a0pour une pr\u00e9sentation r\u00e9ussie des produits billerbeck sur le point de vente, nous d\u00e9veloppons pour vous des pr\u00e9sentations de magasin personnalis\u00e9es.<\/li><\/ul>\n\n\n\n<p><\/p>\n\n\n\n<ul class=\"wp-block-list\"><li><strong>Marketing&nbsp;:<\/strong>&nbsp;nous vous soutenons avec du mat\u00e9riel publicitaire et de promotion des ventes, des mesures de relations publiques et des informations pour les clients finaux sur les produits et tout ce qui concerne le sommeil r\u00e9parateur.<\/li><\/ul>\n\n\n\n<p><\/p>\n\n\n\n<ul class=\"wp-block-list\"><li><strong>Conseils sur le sommeil et tout ce qu\u2019il faut savoir<\/strong>\u00a0sur des sujets d\u2019actualit\u00e9 par les experts du sommeil de billerbeck dans le\u00a0<a rel=\"noreferrer noopener\" href=\"https:\/\/billerbeck.shop\/blog\/\" target=\"_blank\">blog<\/a><\/li><\/ul>\n\n\n\n<p><\/p>\n\n\n\n<h3 class=\"wp-block-heading\">Exemples de mat\u00e9riel de vente pour les partenaires commerciaux<\/h3>\n\n\n\n<p>Affichage 70 x 100 cm ou 50 x 70 cm<\/p>\n\n\n\n<figure class=\"wp-block-image size-large\"><img loading=\"lazy\" decoding=\"async\" width=\"721\" height=\"1024\" src=\"https:\/\/billerbeck.info\/wp-content\/uploads\/2021\/08\/billerbeck_100-Jahre-Schlafkultur_Affichage_700x1000_FR-721x1024.jpg\" alt=\"\" class=\"wp-image-4281\" srcset=\"https:\/\/billerbeck.info\/wp-content\/uploads\/2021\/08\/billerbeck_100-Jahre-Schlafkultur_Affichage_700x1000_FR-721x1024.jpg 721w, https:\/\/billerbeck.info\/wp-content\/uploads\/2021\/08\/billerbeck_100-Jahre-Schlafkultur_Affichage_700x1000_FR-211x300.jpg 211w, https:\/\/billerbeck.info\/wp-content\/uploads\/2021\/08\/billerbeck_100-Jahre-Schlafkultur_Affichage_700x1000_FR-768x1090.jpg 768w, https:\/\/billerbeck.info\/wp-content\/uploads\/2021\/08\/billerbeck_100-Jahre-Schlafkultur_Affichage_700x1000_FR-1082x1536.jpg 1082w, https:\/\/billerbeck.info\/wp-content\/uploads\/2021\/08\/billerbeck_100-Jahre-Schlafkultur_Affichage_700x1000_FR-1443x2048.jpg 1443w, https:\/\/billerbeck.info\/wp-content\/uploads\/2021\/08\/billerbeck_100-Jahre-Schlafkultur_Affichage_700x1000_FR-scaled.jpg 1803w\" sizes=\"auto, (max-width: 721px) 100vw, 721px\" \/><\/figure>\n\n\n\n<p>Bo\u00eete \u00e0 couette<\/p>\n\n\n\n<figure class=\"wp-block-image size-large\"><img loading=\"lazy\" decoding=\"async\" width=\"595\" height=\"638\" src=\"https:\/\/billerbeck.info\/wp-content\/uploads\/2021\/08\/billerbeck_100-Ans-Culture-du-someil_boite-d-edredon_FR.jpg\" alt=\"\" class=\"wp-image-4288\" srcset=\"https:\/\/billerbeck.info\/wp-content\/uploads\/2021\/08\/billerbeck_100-Ans-Culture-du-someil_boite-d-edredon_FR.jpg 595w, https:\/\/billerbeck.info\/wp-content\/uploads\/2021\/08\/billerbeck_100-Ans-Culture-du-someil_boite-d-edredon_FR-280x300.jpg 280w\" sizes=\"auto, (max-width: 595px) 100vw, 595px\" \/><\/figure>\n\n\n\n<p>Bo\u00eete \u00e0 oreillers<\/p>\n\n\n\n<figure class=\"wp-block-image size-large\"><img loading=\"lazy\" decoding=\"async\" width=\"1024\" height=\"638\" src=\"https:\/\/billerbeck.info\/wp-content\/uploads\/2021\/08\/billerbeck_100-Ans-Culture-du-someil_Boite-a-oreillers_FR-1024x638.jpg\" alt=\"\" class=\"wp-image-4291\" srcset=\"https:\/\/billerbeck.info\/wp-content\/uploads\/2021\/08\/billerbeck_100-Ans-Culture-du-someil_Boite-a-oreillers_FR-1024x638.jpg 1024w, https:\/\/billerbeck.info\/wp-content\/uploads\/2021\/08\/billerbeck_100-Ans-Culture-du-someil_Boite-a-oreillers_FR-300x187.jpg 300w, https:\/\/billerbeck.info\/wp-content\/uploads\/2021\/08\/billerbeck_100-Ans-Culture-du-someil_Boite-a-oreillers_FR-768x478.jpg 768w, https:\/\/billerbeck.info\/wp-content\/uploads\/2021\/08\/billerbeck_100-Ans-Culture-du-someil_Boite-a-oreillers_FR.jpg 1134w\" sizes=\"auto, (max-width: 1024px) 100vw, 1024px\" \/><\/figure>\n\n\n\n<p>Bo\u00eete \u00e0 oreillers pour oreillers de soutien du cou<\/p>\n\n\n\n<figure class=\"wp-block-image size-large\"><img loading=\"lazy\" decoding=\"async\" width=\"1024\" height=\"768\" src=\"https:\/\/billerbeck.info\/wp-content\/uploads\/2021\/08\/billerbeck_100-Ans-Culture-du-someil_Oreiller-de-soutien-de-la-nuque-Pillow-Box_FR-1024x768.jpg\" alt=\"\" class=\"wp-image-4294\" srcset=\"https:\/\/billerbeck.info\/wp-content\/uploads\/2021\/08\/billerbeck_100-Ans-Culture-du-someil_Oreiller-de-soutien-de-la-nuque-Pillow-Box_FR-1024x768.jpg 1024w, https:\/\/billerbeck.info\/wp-content\/uploads\/2021\/08\/billerbeck_100-Ans-Culture-du-someil_Oreiller-de-soutien-de-la-nuque-Pillow-Box_FR-300x225.jpg 300w, https:\/\/billerbeck.info\/wp-content\/uploads\/2021\/08\/billerbeck_100-Ans-Culture-du-someil_Oreiller-de-soutien-de-la-nuque-Pillow-Box_FR-768x576.jpg 768w, https:\/\/billerbeck.info\/wp-content\/uploads\/2021\/08\/billerbeck_100-Ans-Culture-du-someil_Oreiller-de-soutien-de-la-nuque-Pillow-Box_FR.jpg 1280w\" sizes=\"auto, (max-width: 1024px) 100vw, 1024px\" \/><\/figure>\n\n\n\n<p>Autocollant de fen\u00eatre<\/p>\n\n\n\n<figure class=\"wp-block-image size-large\"><img loading=\"lazy\" decoding=\"async\" width=\"545\" height=\"415\" src=\"https:\/\/billerbeck.info\/wp-content\/uploads\/2021\/08\/billerbeck_100-Jahre-Schlafkultur_Autocollants_FR.jpg\" alt=\"\" class=\"wp-image-4284\" srcset=\"https:\/\/billerbeck.info\/wp-content\/uploads\/2021\/08\/billerbeck_100-Jahre-Schlafkultur_Autocollants_FR.jpg 545w, https:\/\/billerbeck.info\/wp-content\/uploads\/2021\/08\/billerbeck_100-Jahre-Schlafkultur_Autocollants_FR-300x228.jpg 300w\" sizes=\"auto, (max-width: 545px) 100vw, 545px\" \/><\/figure>\n","protected":false},"excerpt":{"rendered":"<p>billerbeck \u2013 votre partenaire en literie pour un succ\u00e8s \u00e0 long terme Faites appel \u00e0 un interlocuteur et d\u00e9couvrez des offres [&hellip;]<\/p>\n","protected":false},"author":1,"featured_media":886,"parent":4026,"menu_order":0,"comment_status":"closed","ping_status":"closed","template":"","meta":{"_acf_changed":false,"footnotes":""},"class_list":["post-4028","page","type-page","status-publish","has-post-thumbnail","hentry"],"acf":[],"_links":{"self":[{"href":"https:\/\/billerbeck.info\/fr\/wp-json\/wp\/v2\/pages\/4028","targetHints":{"allow":["GET"]}}],"collection":[{"href":"https:\/\/billerbeck.info\/fr\/wp-json\/wp\/v2\/pages"}],"about":[{"href":"https:\/\/billerbeck.info\/fr\/wp-json\/wp\/v2\/types\/page"}],"author":[{"embeddable":true,"href":"https:\/\/billerbeck.info\/fr\/wp-json\/wp\/v2\/users\/1"}],"replies":[{"embeddable":true,"href":"https:\/\/billerbeck.info\/fr\/wp-json\/wp\/v2\/comments?post=4028"}],"version-history":[{"count":6,"href":"https:\/\/billerbeck.info\/fr\/wp-json\/wp\/v2\/pages\/4028\/revisions"}],"predecessor-version":[{"id":4334,"href":"https:\/\/billerbeck.info\/fr\/wp-json\/wp\/v2\/pages\/4028\/revisions\/4334"}],"up":[{"embeddable":true,"href":"https:\/\/billerbeck.info\/fr\/wp-json\/wp\/v2\/pages\/4026"}],"wp:featuredmedia":[{"embeddable":true,"href":"https:\/\/billerbeck.info\/fr\/wp-json\/wp\/v2\/media\/886"}],"wp:attachment":[{"href":"https:\/\/billerbeck.info\/fr\/wp-json\/wp\/v2\/media?parent=4028"}],"curies":[{"name":"wp","href":"https:\/\/api.w.org\/{rel}","templated":true}]}}